{"id":1199,"date":"2025-01-20T15:22:00","date_gmt":"2025-01-20T15:22:00","guid":{"rendered":"https:\/\/palazzoodescalchicomo.it\/la-storia\/"},"modified":"2025-02-24T13:46:49","modified_gmt":"2025-02-24T13:46:49","slug":"la-storia","status":"publish","type":"page","link":"https:\/\/palazzoodescalchicomo.it\/it\/la-storia\/","title":{"rendered":"La storia"},"content":{"rendered":"\t\t<div data-elementor-type=\"wp-post\" data-elementor-id=\"1199\" class=\"elementor elementor-1199 elementor-798\" data-elementor-post-type=\"page\">\n\t\t\t\t<div class=\"elementor-element elementor-element-0241f87 e-flex e-con-boxed e-con e-parent\" data-id=\"0241f87\" data-element_type=\"container\" data-e-type=\"container\" data-settings=\"{&quot;background_background&quot;:&quot;slideshow&quot;,&quot;background_slideshow_gallery&quot;:[{&quot;id&quot;:20,&quot;url&quot;:&quot;http:\\\/\\\/palazzoodescalchicomo.it\\\/wp-content\\\/uploads\\\/2025\\\/01\\\/palazzo-odescalchi-esterno-1.webp&quot;},{&quot;id&quot;:21,&quot;url&quot;:&quot;http:\\\/\\\/palazzoodescalchicomo.it\\\/wp-content\\\/uploads\\\/2025\\\/01\\\/palazzo-odescalchi-esterno-2.webp&quot;},{&quot;id&quot;:22,&quot;url&quot;:&quot;http:\\\/\\\/palazzoodescalchicomo.it\\\/wp-content\\\/uploads\\\/2025\\\/01\\\/palazzo-odescalchi-esterno-3.webp&quot;}],&quot;background_slideshow_ken_burns&quot;:&quot;yes&quot;,&quot;background_slideshow_loop&quot;:&quot;yes&quot;,&quot;background_slideshow_slide_duration&quot;:5000,&quot;background_slideshow_slide_transition&quot;:&quot;fade&quot;,&quot;background_slideshow_transition_duration&quot;:500,&quot;background_slideshow_ken_burns_zoom_direction&quot;:&quot;in&quot;}\">\n\t\t\t\t\t<div class=\"e-con-inner\">\n\t\t\t\t<div class=\"elementor-element elementor-element-baab04a elementor-widget elementor-widget-spacer\" data-id=\"baab04a\" data-element_type=\"widget\" data-e-type=\"widget\" data-widget_type=\"spacer.default\">\n\t\t\t\t<div class=\"elementor-widget-container\">\n\t\t\t\t\t\t\t<div class=\"elementor-spacer\">\n\t\t\t<div class=\"elementor-spacer-inner\"><\/div>\n\t\t<\/div>\n\t\t\t\t\t\t<\/div>\n\t\t\t\t<\/div>\n\t\t<div class=\"elementor-element elementor-element-081e56a e-con-full e-flex e-con e-child\" data-id=\"081e56a\" data-element_type=\"container\" data-e-type=\"container\">\n\t\t\t\t<div class=\"elementor-element elementor-element-b80b49c animated-slow elementor-invisible elementor-widget elementor-widget-heading\" data-id=\"b80b49c\" data-element_type=\"widget\" data-e-type=\"widget\" data-settings=\"{&quot;_animation&quot;:&quot;fadeIn&quot;,&quot;_animation_delay&quot;:300}\" data-widget_type=\"heading.default\">\n\t\t\t\t<div class=\"elementor-widget-container\">\n\t\t\t\t\t<h2 class=\"elementor-heading-title elementor-size-default\">La storia<\/h2>\t\t\t\t<\/div>\n\t\t\t\t<\/div>\n\t\t\t\t<\/div>\n\t\t\t\t\t<\/div>\n\t\t\t\t<\/div>\n\t\t<div class=\"elementor-element elementor-element-b4d1f16 e-flex e-con-boxed e-con e-parent\" data-id=\"b4d1f16\" data-element_type=\"container\" data-e-type=\"container\">\n\t\t\t\t\t<div class=\"e-con-inner\">\n\t\t<div class=\"elementor-element elementor-element-b33c15f e-con-full e-flex e-con e-child\" data-id=\"b33c15f\" data-element_type=\"container\" data-e-type=\"container\">\n\t\t\t\t<div class=\"elementor-element elementor-element-a05eb0e elementor-widget elementor-widget-heading\" data-id=\"a05eb0e\" data-element_type=\"widget\" data-e-type=\"widget\" data-widget_type=\"heading.default\">\n\t\t\t\t<div class=\"elementor-widget-container\">\n\t\t\t\t\t<h2 class=\"elementor-heading-title elementor-size-default\"><strong>Palazzo Odescalchi,<\/strong> una magnifica residenza del XVII secolo <strong>nel cuore di Como<\/strong>, riflette il prestigio della famiglia Odescalchi, che ha dato al mondo Papa Innocenzo XI. Un tempo residenza papale, questo gioiello storico continua a incarnare eleganza e grandezza, diventando un simbolo senza tempo della nobile eredit\u00e0 di Como.<\/h2>\t\t\t\t<\/div>\n\t\t\t\t<\/div>\n\t\t\t\t<\/div>\n\t\t\t\t\t<\/div>\n\t\t\t\t<\/div>\n\t\t<div class=\"elementor-element elementor-element-417c888 e-con-full e-flex e-con e-parent\" data-id=\"417c888\" data-element_type=\"container\" data-e-type=\"container\">\n\t\t<div class=\"elementor-element elementor-element-8944a29 e-con-full e-flex e-con e-child\" data-id=\"8944a29\" data-element_type=\"container\" data-e-type=\"container\">\n\t\t<div class=\"elementor-element elementor-element-cd2320b e-con-full e-flex e-con e-child\" data-id=\"cd2320b\" data-element_type=\"container\" data-e-type=\"container\">\n\t\t\t\t<div class=\"elementor-element elementor-element-4a85958 elementor-widget elementor-widget-heading\" data-id=\"4a85958\" data-element_type=\"widget\" data-e-type=\"widget\" data-widget_type=\"heading.default\">\n\t\t\t\t<div class=\"elementor-widget-container\">\n\t\t\t\t\t<h2 class=\"elementor-heading-title elementor-size-default\">La residenza papale\n<\/h2>\t\t\t\t<\/div>\n\t\t\t\t<\/div>\n\t\t\t\t<div class=\"elementor-element elementor-element-80d9980 elementor-widget elementor-widget-heading\" data-id=\"80d9980\" data-element_type=\"widget\" data-e-type=\"widget\" data-widget_type=\"heading.default\">\n\t\t\t\t<div class=\"elementor-widget-container\">\n\t\t\t\t\t<h2 class=\"elementor-heading-title elementor-size-default\">Palazzo Odescalchi<\/h2>\t\t\t\t<\/div>\n\t\t\t\t<\/div>\n\t\t\t\t<div class=\"elementor-element elementor-element-1919bfa elementor-widget__width-initial elementor-widget elementor-widget-heading\" data-id=\"1919bfa\" data-element_type=\"widget\" data-e-type=\"widget\" data-widget_type=\"heading.default\">\n\t\t\t\t<div class=\"elementor-widget-container\">\n\t\t\t\t\t<h2 class=\"elementor-heading-title elementor-size-default\">Il cuore di Palazzo Odescalchi \u00e8 la splendida Residenza Papale, uno spazio maestoso di oltre 500 metri quadrati, ricco di storia e significato artistico. I suoi affreschi, realizzati dai migliori artisti locali, raffigurano momenti chiave della lotta tra il mondo cristiano e quello ottomano, oltre a scene tratte dalla Bibbia. A completare questi capolavori ci sono i camini monumentali della residenza, ornati da intricati intagli e nobili simboli araldici, che un tempo riscaldavano i grandi saloni durante le riunioni storiche. Ogni dettaglio, dai soffitti a cassettoni dorati agli elementi scultorei, riflette la grandezza del suo passato, rendendola una vera e propria testimonianza di arte, potere e storia.\n<\/h2>\t\t\t\t<\/div>\n\t\t\t\t<\/div>\n\t\t\t\t<\/div>\n\t\t\t\t<\/div>\n\t\t<div class=\"elementor-element elementor-element-d552c12 e-con-full e-flex e-con e-child\" data-id=\"d552c12\" data-element_type=\"container\" data-e-type=\"container\">\n\t\t\t\t<div class=\"elementor-element elementor-element-58dc52e e-transform elementor-widget elementor-widget-image\" data-id=\"58dc52e\" data-element_type=\"widget\" data-e-type=\"widget\" data-settings=\"{&quot;motion_fx_motion_fx_scrolling&quot;:&quot;yes&quot;,&quot;motion_fx_translateY_effect&quot;:&quot;yes&quot;,&quot;motion_fx_translateY_speed&quot;:{&quot;unit&quot;:&quot;px&quot;,&quot;size&quot;:1,&quot;sizes&quot;:[]},&quot;_transform_scale_effect&quot;:{&quot;unit&quot;:&quot;px&quot;,&quot;size&quot;:1.399999999999999911182158029987476766109466552734375,&quot;sizes&quot;:[]},&quot;motion_fx_devices&quot;:[&quot;widescreen&quot;,&quot;desktop&quot;,&quot;laptop&quot;],&quot;_transform_scale_effect_laptop&quot;:{&quot;unit&quot;:&quot;px&quot;,&quot;size&quot;:1.600000000000000088817841970012523233890533447265625,&quot;sizes&quot;:[]},&quot;_transform_scale_effect_mobile&quot;:{&quot;unit&quot;:&quot;px&quot;,&quot;size&quot;:1,&quot;sizes&quot;:[]},&quot;motion_fx_translateY_affectedRange&quot;:{&quot;unit&quot;:&quot;%&quot;,&quot;size&quot;:&quot;&quot;,&quot;sizes&quot;:{&quot;start&quot;:0,&quot;end&quot;:100}},&quot;_transform_scale_effect_widescreen&quot;:{&quot;unit&quot;:&quot;px&quot;,&quot;size&quot;:&quot;&quot;,&quot;sizes&quot;:[]},&quot;_transform_scale_effect_tablet&quot;:{&quot;unit&quot;:&quot;px&quot;,&quot;size&quot;:&quot;&quot;,&quot;sizes&quot;:[]}}\" data-widget_type=\"image.default\">\n\t\t\t\t<div class=\"elementor-widget-container\">\n\t\t\t\t\t\t\t\t\t\t\t\t\t\t\t<img fetchpriority=\"high\" decoding=\"async\" width=\"800\" height=\"800\" src=\"https:\/\/palazzoodescalchicomo.it\/wp-content\/uploads\/2025\/01\/palazzo-odescalchi-esterno-4-1024x1024.webp\" class=\"attachment-large size-large wp-image-1122\" alt=\"\" srcset=\"https:\/\/palazzoodescalchicomo.it\/wp-content\/uploads\/2025\/01\/palazzo-odescalchi-esterno-4-1024x1024.webp 1024w, https:\/\/palazzoodescalchicomo.it\/wp-content\/uploads\/2025\/01\/palazzo-odescalchi-esterno-4-300x300.webp 300w, https:\/\/palazzoodescalchicomo.it\/wp-content\/uploads\/2025\/01\/palazzo-odescalchi-esterno-4-150x150.webp 150w, https:\/\/palazzoodescalchicomo.it\/wp-content\/uploads\/2025\/01\/palazzo-odescalchi-esterno-4-768x768.webp 768w, https:\/\/palazzoodescalchicomo.it\/wp-content\/uploads\/2025\/01\/palazzo-odescalchi-esterno-4-1536x1536.webp 1536w, https:\/\/palazzoodescalchicomo.it\/wp-content\/uploads\/2025\/01\/palazzo-odescalchi-esterno-4.webp 1920w\" sizes=\"(max-width: 800px) 100vw, 800px\" \/>\t\t\t\t\t\t\t\t\t\t\t\t\t\t\t<\/div>\n\t\t\t\t<\/div>\n\t\t\t\t<\/div>\n\t\t\t\t<\/div>\n\t\t<div class=\"elementor-element elementor-element-7f55aab e-con-full e-flex e-con e-parent\" data-id=\"7f55aab\" data-element_type=\"container\" data-e-type=\"container\">\n\t\t<div class=\"elementor-element elementor-element-11b4eaf e-con-full e-flex e-con e-child\" data-id=\"11b4eaf\" data-element_type=\"container\" data-e-type=\"container\">\n\t\t\t\t<div class=\"elementor-element elementor-element-d08046f e-transform elementor-widget elementor-widget-image\" data-id=\"d08046f\" data-element_type=\"widget\" data-e-type=\"widget\" data-settings=\"{&quot;motion_fx_motion_fx_scrolling&quot;:&quot;yes&quot;,&quot;motion_fx_translateY_effect&quot;:&quot;yes&quot;,&quot;motion_fx_translateY_speed&quot;:{&quot;unit&quot;:&quot;px&quot;,&quot;size&quot;:1,&quot;sizes&quot;:[]},&quot;_transform_scale_effect&quot;:{&quot;unit&quot;:&quot;px&quot;,&quot;size&quot;:1.399999999999999911182158029987476766109466552734375,&quot;sizes&quot;:[]},&quot;motion_fx_devices&quot;:[&quot;widescreen&quot;,&quot;desktop&quot;,&quot;laptop&quot;],&quot;_transform_scale_effect_laptop&quot;:{&quot;unit&quot;:&quot;px&quot;,&quot;size&quot;:1.600000000000000088817841970012523233890533447265625,&quot;sizes&quot;:[]},&quot;_transform_scale_effect_mobile&quot;:{&quot;unit&quot;:&quot;px&quot;,&quot;size&quot;:1,&quot;sizes&quot;:[]},&quot;motion_fx_translateY_affectedRange&quot;:{&quot;unit&quot;:&quot;%&quot;,&quot;size&quot;:&quot;&quot;,&quot;sizes&quot;:{&quot;start&quot;:0,&quot;end&quot;:100}},&quot;_transform_scale_effect_widescreen&quot;:{&quot;unit&quot;:&quot;px&quot;,&quot;size&quot;:&quot;&quot;,&quot;sizes&quot;:[]},&quot;_transform_scale_effect_tablet&quot;:{&quot;unit&quot;:&quot;px&quot;,&quot;size&quot;:&quot;&quot;,&quot;sizes&quot;:[]}}\" data-widget_type=\"image.default\">\n\t\t\t\t<div class=\"elementor-widget-container\">\n\t\t\t\t\t\t\t\t\t\t\t\t\t\t\t<img decoding=\"async\" width=\"800\" height=\"800\" src=\"https:\/\/palazzoodescalchicomo.it\/wp-content\/uploads\/2025\/01\/palazzo-odescalchi-history-1-1024x1024.webp\" class=\"attachment-large size-large wp-image-1180\" alt=\"\" srcset=\"https:\/\/palazzoodescalchicomo.it\/wp-content\/uploads\/2025\/01\/palazzo-odescalchi-history-1-1024x1024.webp 1024w, https:\/\/palazzoodescalchicomo.it\/wp-content\/uploads\/2025\/01\/palazzo-odescalchi-history-1-300x300.webp 300w, https:\/\/palazzoodescalchicomo.it\/wp-content\/uploads\/2025\/01\/palazzo-odescalchi-history-1-150x150.webp 150w, https:\/\/palazzoodescalchicomo.it\/wp-content\/uploads\/2025\/01\/palazzo-odescalchi-history-1-768x768.webp 768w, https:\/\/palazzoodescalchicomo.it\/wp-content\/uploads\/2025\/01\/palazzo-odescalchi-history-1-1536x1536.webp 1536w, https:\/\/palazzoodescalchicomo.it\/wp-content\/uploads\/2025\/01\/palazzo-odescalchi-history-1.webp 1920w\" sizes=\"(max-width: 800px) 100vw, 800px\" \/>\t\t\t\t\t\t\t\t\t\t\t\t\t\t\t<\/div>\n\t\t\t\t<\/div>\n\t\t\t\t<\/div>\n\t\t<div class=\"elementor-element elementor-element-8b578ad e-con-full e-flex e-con e-child\" data-id=\"8b578ad\" data-element_type=\"container\" data-e-type=\"container\">\n\t\t<div class=\"elementor-element elementor-element-f531d20 e-con-full e-flex e-con e-child\" data-id=\"f531d20\" data-element_type=\"container\" data-e-type=\"container\">\n\t\t\t\t<div class=\"elementor-element elementor-element-763a201 elementor-widget elementor-widget-heading\" data-id=\"763a201\" data-element_type=\"widget\" data-e-type=\"widget\" data-widget_type=\"heading.default\">\n\t\t\t\t<div class=\"elementor-widget-container\">\n\t\t\t\t\t<h2 class=\"elementor-heading-title elementor-size-default\">Importanza storica<\/h2>\t\t\t\t<\/div>\n\t\t\t\t<\/div>\n\t\t\t\t<div class=\"elementor-element elementor-element-d20e9aa elementor-widget elementor-widget-heading\" data-id=\"d20e9aa\" data-element_type=\"widget\" data-e-type=\"widget\" data-widget_type=\"heading.default\">\n\t\t\t\t<div class=\"elementor-widget-container\">\n\t\t\t\t\t<h2 class=\"elementor-heading-title elementor-size-default\">Palazzo Odescalchi<\/h2>\t\t\t\t<\/div>\n\t\t\t\t<\/div>\n\t\t\t\t<div class=\"elementor-element elementor-element-bdf0b23 elementor-widget__width-initial elementor-widget elementor-widget-heading\" data-id=\"bdf0b23\" data-element_type=\"widget\" data-e-type=\"widget\" data-widget_type=\"heading.default\">\n\t\t\t\t<div class=\"elementor-widget-container\">\n\t\t\t\t\t<h2 class=\"elementor-heading-title elementor-size-default\">Nel cuore di Como, Palazzo Odescalchi \u00e8 la testimonianza di secoli di arte, potere e nobile eredit\u00e0. Un tempo grande residenza dell'influente famiglia Odescalchi, ebbe un ruolo chiave nella vita aristocratica della citt\u00e0, con legami con leader militari, nobili europei e persino con Papa Innocenzo XI.\nL'architettura del palazzo riflette la sua ricca storia, mescolando stili medievali, rinascimentali e barocchi. All'interno, magnifici affreschi e decorazioni in stucco celebrano i trionfi, la fede e i legami della famiglia con i reali europei. Scene di battaglie, leggende e vita nobiliare adornano i grandi saloni, rendendolo uno dei tesori artistici pi\u00f9 impressionanti di Como.\nUna passeggiata a Palazzo Odescalchi \u00e8 un viaggio nel tempo, che rivela la grandezza e gli intrighi di un'epoca in cui le famiglie nobili hanno fatto la storia.<\/h2>\t\t\t\t<\/div>\n\t\t\t\t<\/div>\n\t\t\t\t<\/div>\n\t\t\t\t<\/div>\n\t\t\t\t<\/div>\n\t\t<div class=\"elementor-element elementor-element-1982c46 e-con-full e-flex e-con e-parent\" data-id=\"1982c46\" data-element_type=\"container\" data-e-type=\"container\">\n\t\t<div class=\"elementor-element elementor-element-a5a0744 e-con-full e-flex e-con e-child\" data-id=\"a5a0744\" data-element_type=\"container\" data-e-type=\"container\">\n\t\t<div class=\"elementor-element elementor-element-e73e4ab e-con-full e-flex e-con e-child\" data-id=\"e73e4ab\" data-element_type=\"container\" data-e-type=\"container\">\n\t\t\t\t<div class=\"elementor-element elementor-element-e855235 elementor-widget elementor-widget-heading\" data-id=\"e855235\" data-element_type=\"widget\" data-e-type=\"widget\" data-widget_type=\"heading.default\">\n\t\t\t\t<div class=\"elementor-widget-container\">\n\t\t\t\t\t<h2 class=\"elementor-heading-title elementor-size-default\">L'ingresso e il cortile centrale<\/h2>\t\t\t\t<\/div>\n\t\t\t\t<\/div>\n\t\t\t\t<div class=\"elementor-element elementor-element-b71b097 elementor-widget elementor-widget-heading\" data-id=\"b71b097\" data-element_type=\"widget\" data-e-type=\"widget\" data-widget_type=\"heading.default\">\n\t\t\t\t<div class=\"elementor-widget-container\">\n\t\t\t\t\t<h2 class=\"elementor-heading-title elementor-size-default\">Palazzo Odescalchi<\/h2>\t\t\t\t<\/div>\n\t\t\t\t<\/div>\n\t\t\t\t<div class=\"elementor-element elementor-element-0d34d4a elementor-widget__width-initial elementor-widget elementor-widget-heading\" data-id=\"0d34d4a\" data-element_type=\"widget\" data-e-type=\"widget\" data-widget_type=\"heading.default\">\n\t\t\t\t<div class=\"elementor-widget-container\">\n\t\t\t\t\t<h2 class=\"elementor-heading-title elementor-size-default\">L'ingresso alla Residenza Papale di Palazzo Odescalchi \u00e8 costituito da un lungo corridoio con un soffitto a cassettoni splendidamente decorato, che conduce a un cortile centrale sulla destra, sul quale si affacciano diverse stanze del palazzo. Alla fine del corridoio, una grande scala imperiale sale al piano principale. La volta in stucco della scala presenta lo stemma Odescalchi, con l'aquila che stringe la tiara papale e le chiavi di San Pietro, simbolo del pontificato di Papa Innocenzo XI.\n<\/h2>\t\t\t\t<\/div>\n\t\t\t\t<\/div>\n\t\t\t\t<\/div>\n\t\t\t\t<\/div>\n\t\t<div class=\"elementor-element elementor-element-88fe9c6 e-con-full e-flex e-con e-child\" data-id=\"88fe9c6\" data-element_type=\"container\" data-e-type=\"container\">\n\t\t\t\t<div class=\"elementor-element elementor-element-5a3fd5b e-transform elementor-widget elementor-widget-image\" data-id=\"5a3fd5b\" data-element_type=\"widget\" data-e-type=\"widget\" data-settings=\"{&quot;motion_fx_motion_fx_scrolling&quot;:&quot;yes&quot;,&quot;motion_fx_translateY_effect&quot;:&quot;yes&quot;,&quot;motion_fx_translateY_speed&quot;:{&quot;unit&quot;:&quot;px&quot;,&quot;size&quot;:1,&quot;sizes&quot;:[]},&quot;_transform_scale_effect&quot;:{&quot;unit&quot;:&quot;px&quot;,&quot;size&quot;:1.399999999999999911182158029987476766109466552734375,&quot;sizes&quot;:[]},&quot;motion_fx_devices&quot;:[&quot;widescreen&quot;,&quot;desktop&quot;,&quot;laptop&quot;],&quot;_transform_scale_effect_laptop&quot;:{&quot;unit&quot;:&quot;px&quot;,&quot;size&quot;:1.600000000000000088817841970012523233890533447265625,&quot;sizes&quot;:[]},&quot;_transform_scale_effect_mobile&quot;:{&quot;unit&quot;:&quot;px&quot;,&quot;size&quot;:1,&quot;sizes&quot;:[]},&quot;motion_fx_translateY_affectedRange&quot;:{&quot;unit&quot;:&quot;%&quot;,&quot;size&quot;:&quot;&quot;,&quot;sizes&quot;:{&quot;start&quot;:0,&quot;end&quot;:100}},&quot;_transform_scale_effect_widescreen&quot;:{&quot;unit&quot;:&quot;px&quot;,&quot;size&quot;:&quot;&quot;,&quot;sizes&quot;:[]},&quot;_transform_scale_effect_tablet&quot;:{&quot;unit&quot;:&quot;px&quot;,&quot;size&quot;:&quot;&quot;,&quot;sizes&quot;:[]}}\" data-widget_type=\"image.default\">\n\t\t\t\t<div class=\"elementor-widget-container\">\n\t\t\t\t\t\t\t\t\t\t\t\t\t\t\t<img decoding=\"async\" width=\"800\" height=\"800\" src=\"https:\/\/palazzoodescalchicomo.it\/wp-content\/uploads\/2025\/01\/palazzo-odescalchi-history-2-1024x1024.webp\" class=\"attachment-large size-large wp-image-1181\" alt=\"\" srcset=\"https:\/\/palazzoodescalchicomo.it\/wp-content\/uploads\/2025\/01\/palazzo-odescalchi-history-2-1024x1024.webp 1024w, https:\/\/palazzoodescalchicomo.it\/wp-content\/uploads\/2025\/01\/palazzo-odescalchi-history-2-300x300.webp 300w, https:\/\/palazzoodescalchicomo.it\/wp-content\/uploads\/2025\/01\/palazzo-odescalchi-history-2-150x150.webp 150w, https:\/\/palazzoodescalchicomo.it\/wp-content\/uploads\/2025\/01\/palazzo-odescalchi-history-2-768x768.webp 768w, https:\/\/palazzoodescalchicomo.it\/wp-content\/uploads\/2025\/01\/palazzo-odescalchi-history-2-1536x1536.webp 1536w, https:\/\/palazzoodescalchicomo.it\/wp-content\/uploads\/2025\/01\/palazzo-odescalchi-history-2.webp 1920w\" sizes=\"(max-width: 800px) 100vw, 800px\" \/>\t\t\t\t\t\t\t\t\t\t\t\t\t\t\t<\/div>\n\t\t\t\t<\/div>\n\t\t\t\t<\/div>\n\t\t\t\t<\/div>\n\t\t<div class=\"elementor-element elementor-element-1e17b97 e-con-full e-flex e-con e-parent\" data-id=\"1e17b97\" data-element_type=\"container\" data-e-type=\"container\">\n\t\t<div class=\"elementor-element elementor-element-d8c779d e-con-full e-flex e-con e-child\" data-id=\"d8c779d\" data-element_type=\"container\" data-e-type=\"container\">\n\t\t\t\t<div class=\"elementor-element elementor-element-7e94bd7 e-transform elementor-widget elementor-widget-image\" data-id=\"7e94bd7\" data-element_type=\"widget\" data-e-type=\"widget\" data-settings=\"{&quot;motion_fx_motion_fx_scrolling&quot;:&quot;yes&quot;,&quot;motion_fx_translateY_effect&quot;:&quot;yes&quot;,&quot;motion_fx_translateY_speed&quot;:{&quot;unit&quot;:&quot;px&quot;,&quot;size&quot;:1,&quot;sizes&quot;:[]},&quot;_transform_scale_effect&quot;:{&quot;unit&quot;:&quot;px&quot;,&quot;size&quot;:1.399999999999999911182158029987476766109466552734375,&quot;sizes&quot;:[]},&quot;motion_fx_devices&quot;:[&quot;widescreen&quot;,&quot;desktop&quot;,&quot;laptop&quot;],&quot;_transform_scale_effect_laptop&quot;:{&quot;unit&quot;:&quot;px&quot;,&quot;size&quot;:1.600000000000000088817841970012523233890533447265625,&quot;sizes&quot;:[]},&quot;_transform_scale_effect_mobile&quot;:{&quot;unit&quot;:&quot;px&quot;,&quot;size&quot;:1,&quot;sizes&quot;:[]},&quot;motion_fx_translateY_affectedRange&quot;:{&quot;unit&quot;:&quot;%&quot;,&quot;size&quot;:&quot;&quot;,&quot;sizes&quot;:{&quot;start&quot;:0,&quot;end&quot;:100}},&quot;_transform_scale_effect_widescreen&quot;:{&quot;unit&quot;:&quot;px&quot;,&quot;size&quot;:&quot;&quot;,&quot;sizes&quot;:[]},&quot;_transform_scale_effect_tablet&quot;:{&quot;unit&quot;:&quot;px&quot;,&quot;size&quot;:&quot;&quot;,&quot;sizes&quot;:[]}}\" data-widget_type=\"image.default\">\n\t\t\t\t<div class=\"elementor-widget-container\">\n\t\t\t\t\t\t\t\t\t\t\t\t\t\t\t<img loading=\"lazy\" decoding=\"async\" width=\"800\" height=\"800\" src=\"https:\/\/palazzoodescalchicomo.it\/wp-content\/uploads\/2025\/01\/palazzo-odescalchi-history-3-1024x1024.webp\" class=\"attachment-large size-large wp-image-1182\" alt=\"\" srcset=\"https:\/\/palazzoodescalchicomo.it\/wp-content\/uploads\/2025\/01\/palazzo-odescalchi-history-3-1024x1024.webp 1024w, https:\/\/palazzoodescalchicomo.it\/wp-content\/uploads\/2025\/01\/palazzo-odescalchi-history-3-300x300.webp 300w, https:\/\/palazzoodescalchicomo.it\/wp-content\/uploads\/2025\/01\/palazzo-odescalchi-history-3-150x150.webp 150w, https:\/\/palazzoodescalchicomo.it\/wp-content\/uploads\/2025\/01\/palazzo-odescalchi-history-3-768x768.webp 768w, https:\/\/palazzoodescalchicomo.it\/wp-content\/uploads\/2025\/01\/palazzo-odescalchi-history-3-1536x1536.webp 1536w, https:\/\/palazzoodescalchicomo.it\/wp-content\/uploads\/2025\/01\/palazzo-odescalchi-history-3.webp 1920w\" sizes=\"(max-width: 800px) 100vw, 800px\" \/>\t\t\t\t\t\t\t\t\t\t\t\t\t\t\t<\/div>\n\t\t\t\t<\/div>\n\t\t\t\t<\/div>\n\t\t<div class=\"elementor-element elementor-element-64f3cb8 e-con-full e-flex e-con e-child\" data-id=\"64f3cb8\" data-element_type=\"container\" data-e-type=\"container\">\n\t\t<div class=\"elementor-element elementor-element-ef9337e e-con-full e-flex e-con e-child\" data-id=\"ef9337e\" data-element_type=\"container\" data-e-type=\"container\">\n\t\t\t\t<div class=\"elementor-element elementor-element-b565f67 elementor-widget elementor-widget-heading\" data-id=\"b565f67\" data-element_type=\"widget\" data-e-type=\"widget\" data-widget_type=\"heading.default\">\n\t\t\t\t<div class=\"elementor-widget-container\">\n\t\t\t\t\t<h2 class=\"elementor-heading-title elementor-size-default\">Il piano principale<\/h2>\t\t\t\t<\/div>\n\t\t\t\t<\/div>\n\t\t\t\t<div class=\"elementor-element elementor-element-b2ae61d elementor-widget elementor-widget-heading\" data-id=\"b2ae61d\" data-element_type=\"widget\" data-e-type=\"widget\" data-widget_type=\"heading.default\">\n\t\t\t\t<div class=\"elementor-widget-container\">\n\t\t\t\t\t<h2 class=\"elementor-heading-title elementor-size-default\">Palazzo Odescalchi<\/h2>\t\t\t\t<\/div>\n\t\t\t\t<\/div>\n\t\t\t\t<div class=\"elementor-element elementor-element-d75b03a elementor-widget__width-initial elementor-widget elementor-widget-heading\" data-id=\"d75b03a\" data-element_type=\"widget\" data-e-type=\"widget\" data-widget_type=\"heading.default\">\n\t\t\t\t<div class=\"elementor-widget-container\">\n\t\t\t\t\t<h2 class=\"elementor-heading-title elementor-size-default\">Al piano principale di Palazzo Odescalchi si accede attraverso un lungo corridoio che conduce ad alcune delle stanze pi\u00f9 suggestive della residenza. Il salone centrale, un'area grande e spaziosa, si apre su spazi impreziositi da opere d'arte e di importanza storica. La sala stessa \u00e8 una testimonianza del design regale del palazzo, con elementi decorativi che riflettono l'opulenza e l'importanza della famiglia Odescalchi. Una di queste \u00e8 la Sala delle Storie di Mos\u00e8, che presenta le narrazioni bibliche. Un'altra sala \u00e8 dedicata ai racconti biblici di Adamo ed Eva, offrendo una vivida rappresentazione della creazione. La Sala dei Putti completa la sequenza, con i suoi incantevoli affreschi di putti giocosi, che sottolineano ulteriormente la grandezza degli interni del palazzo.<\/h2>\t\t\t\t<\/div>\n\t\t\t\t<\/div>\n\t\t\t\t<\/div>\n\t\t\t\t<\/div>\n\t\t\t\t<\/div>\n\t\t<div class=\"elementor-element elementor-element-2f263c4 e-flex e-con-boxed e-con e-parent\" data-id=\"2f263c4\" data-element_type=\"container\" data-e-type=\"container\">\n\t\t\t\t\t<div class=\"e-con-inner\">\n\t\t<div class=\"elementor-element elementor-element-72ab1a7 e-con-full e-flex e-con e-child\" data-id=\"72ab1a7\" data-element_type=\"container\" data-e-type=\"container\" data-settings=\"{&quot;motion_fx_motion_fx_scrolling&quot;:&quot;yes&quot;,&quot;motion_fx_devices&quot;:[&quot;widescreen&quot;,&quot;desktop&quot;,&quot;laptop&quot;,&quot;tablet&quot;,&quot;mobile&quot;]}\">\n\t\t<div class=\"elementor-element elementor-element-5e59c95 e-con-full e-grid e-con e-child\" data-id=\"5e59c95\" data-element_type=\"container\" data-e-type=\"container\" data-settings=\"{&quot;motion_fx_motion_fx_scrolling&quot;:&quot;yes&quot;,&quot;motion_fx_devices&quot;:[&quot;widescreen&quot;,&quot;desktop&quot;,&quot;laptop&quot;,&quot;tablet&quot;,&quot;mobile&quot;]}\">\n\t\t<div class=\"elementor-element elementor-element-ee12c18 e-con-full e-flex e-con e-child\" data-id=\"ee12c18\" data-element_type=\"container\" data-e-type=\"container\" data-settings=\"{&quot;background_background&quot;:&quot;classic&quot;}\">\n\t\t\t\t<div class=\"elementor-element elementor-element-c8adc4f elementor-widget elementor-widget-heading\" data-id=\"c8adc4f\" data-element_type=\"widget\" data-e-type=\"widget\" data-widget_type=\"heading.default\">\n\t\t\t\t<div class=\"elementor-widget-container\">\n\t\t\t\t\t<h2 class=\"elementor-heading-title elementor-size-default\">La stanza principale<\/h2>\t\t\t\t<\/div>\n\t\t\t\t<\/div>\n\t\t\t\t<div class=\"elementor-element elementor-element-2935b81 elementor-widget elementor-widget-text-editor\" data-id=\"2935b81\" data-element_type=\"widget\" data-e-type=\"widget\" data-widget_type=\"text-editor.default\">\n\t\t\t\t<div class=\"elementor-widget-container\">\n\t\t\t\t\t\t\t\t\tAffrescato con storie relative ai conflitti dell&#8217;epoca tra il mondo cristiano e quello ottomano, presenta un grande camino con le effigi della famiglia\n\t\t\t\t\t\t\t\t<\/div>\n\t\t\t\t<\/div>\n\t\t\t\t<\/div>\n\t\t<div class=\"elementor-element elementor-element-7b264b3 e-con-full e-flex e-con e-child\" data-id=\"7b264b3\" data-element_type=\"container\" data-e-type=\"container\" data-settings=\"{&quot;background_background&quot;:&quot;classic&quot;}\">\n\t\t\t\t<div class=\"elementor-element elementor-element-dbe2b51 elementor-widget elementor-widget-heading\" data-id=\"dbe2b51\" data-element_type=\"widget\" data-e-type=\"widget\" data-widget_type=\"heading.default\">\n\t\t\t\t<div class=\"elementor-widget-container\">\n\t\t\t\t\t<h2 class=\"elementor-heading-title elementor-size-default\">La stanza di Mos\u00e8<\/h2>\t\t\t\t<\/div>\n\t\t\t\t<\/div>\n\t\t\t\t<div class=\"elementor-element elementor-element-977acc6 elementor-widget elementor-widget-text-editor\" data-id=\"977acc6\" data-element_type=\"widget\" data-e-type=\"widget\" data-widget_type=\"text-editor.default\">\n\t\t\t\t<div class=\"elementor-widget-container\">\n\t\t\t\t\t\t\t\t\tDecorata con affreschi che raffigurano le storie di Mos\u00e8 e dotata di un camino originale del 1600, \u00e8 ora utilizzata come sala ricreativa con un moderno tavolo da biliardo.\n\t\t\t\t\t\t\t\t<\/div>\n\t\t\t\t<\/div>\n\t\t\t\t<\/div>\n\t\t<div class=\"elementor-element elementor-element-34cd0ef e-con-full e-flex e-con e-child\" data-id=\"34cd0ef\" data-element_type=\"container\" data-e-type=\"container\" data-settings=\"{&quot;background_background&quot;:&quot;classic&quot;}\">\n\t\t\t\t<div class=\"elementor-element elementor-element-31ff132 elementor-widget elementor-widget-heading\" data-id=\"31ff132\" data-element_type=\"widget\" data-e-type=\"widget\" data-widget_type=\"heading.default\">\n\t\t\t\t<div class=\"elementor-widget-container\">\n\t\t\t\t\t<h2 class=\"elementor-heading-title elementor-size-default\">Sale ricreative<\/h2>\t\t\t\t<\/div>\n\t\t\t\t<\/div>\n\t\t\t\t<div class=\"elementor-element elementor-element-7a9a3cf elementor-widget elementor-widget-text-editor\" data-id=\"7a9a3cf\" data-element_type=\"widget\" data-e-type=\"widget\" data-widget_type=\"text-editor.default\">\n\t\t\t\t<div class=\"elementor-widget-container\">\n\t\t\t\t\t\t\t\t\tLa Sala di Adamo ed Eva e la Sala dei Putti sono affrescate con scene bibliche e cherubini, a dimostrazione del ricco valore artistico e storico del palazzo.\t\t\t\t\t\t\t\t<\/div>\n\t\t\t\t<\/div>\n\t\t\t\t<\/div>\n\t\t\t\t<\/div>\n\t\t\t\t<\/div>\n\t\t\t\t\t<\/div>\n\t\t\t\t<\/div>\n\t\t<div class=\"elementor-element elementor-element-3486305 e-flex e-con-boxed e-con e-parent\" data-id=\"3486305\" data-element_type=\"container\" data-e-type=\"container\">\n\t\t\t\t\t<div class=\"e-con-inner\">\n\t\t<div class=\"elementor-element elementor-element-5d8b515 e-con-full e-flex e-con e-child\" data-id=\"5d8b515\" data-element_type=\"container\" data-e-type=\"container\">\n\t\t\t\t<div class=\"elementor-element elementor-element-4053e23 elementor-widget elementor-widget-heading\" data-id=\"4053e23\" data-element_type=\"widget\" data-e-type=\"widget\" data-widget_type=\"heading.default\">\n\t\t\t\t<div class=\"elementor-widget-container\">\n\t\t\t\t\t<h2 class=\"elementor-heading-title elementor-size-default\"><span class=\"bold\">Palazzo Odescalchi<\/span> \u00e8 una notevole struttura del XVI secolo, che mostra non solo i risultati architettonici e artistici dell'epoca, ma anche il <span class=\"bold\">significato storico<\/span> della famiglia Odescalchi e della sua eredit\u00e0 a <span class=\"bold\">Como<\/span>.<\/h2>\t\t\t\t<\/div>\n\t\t\t\t<\/div>\n\t\t\t\t<\/div>\n\t\t\t\t\t<\/div>\n\t\t\t\t<\/div>\n\t\t\t\t<\/div>\n\t\t","protected":false},"excerpt":{"rendered":"<p>Palazzo Odescalchi, una magnifica residenza del XVII secolo nel cuore di Como, riflette il prestigio della famiglia Odescalchi, che ha dato al mondo Papa Innocenzo XI. Un tempo residenza papale, questo gioiello storico continua a incarnare eleganza e grandezza, diventando un simbolo senza tempo della nobile eredit\u00e0 di Como. La residenza papale Palazzo Odescalchi Il [&hellip;]<\/p>\n","protected":false},"author":1,"featured_media":0,"parent":0,"menu_order":0,"comment_status":"closed","ping_status":"closed","template":"","meta":{"footnotes":""},"class_list":["post-1199","page","type-page","status-publish","hentry"],"yoast_head":"<!-- This site is optimized with the Yoast SEO plugin v28.4 - https:\/\/yoast.com\/product\/yoast-seo-wordpress\/ -->\n<title>Scopri la ricca storia di Palazzo Odescalchi a Como<\/title>\n<meta name=\"description\" content=\"Esplora la storia di Palazzo Odescalchi a Como, un palazzo del XVI secolo con affreschi, manufatti storici e un&#039;eredit\u00e0.\" \/>\n<meta name=\"robots\" content=\"index, follow, max-snippet:-1, max-image-preview:large, max-video-preview:-1\" \/>\n<link rel=\"canonical\" href=\"https:\/\/palazzoodescalchicomo.it\/it\/la-storia\/\" \/>\n<meta property=\"og:locale\" content=\"it_IT\" \/>\n<meta property=\"og:type\" content=\"article\" \/>\n<meta property=\"og:title\" content=\"Scopri la ricca storia di Palazzo Odescalchi a Como\" \/>\n<meta property=\"og:description\" content=\"Esplora la storia di Palazzo Odescalchi a Como, un palazzo del XVI secolo con affreschi, manufatti storici e un&#039;eredit\u00e0.\" \/>\n<meta property=\"og:url\" content=\"https:\/\/palazzoodescalchicomo.it\/it\/la-storia\/\" \/>\n<meta property=\"og:site_name\" content=\"Palazzo Odescalchi\" \/>\n<meta property=\"article:publisher\" content=\"https:\/\/www.facebook.com\/lakecomoholidaysandtours\" \/>\n<meta property=\"article:modified_time\" content=\"2025-02-24T13:46:49+00:00\" \/>\n<meta property=\"og:image\" content=\"https:\/\/palazzoodescalchicomo.it\/wp-content\/uploads\/2025\/01\/palazzo-odescalchi-esterno-4.webp\" \/>\n\t<meta property=\"og:image:width\" content=\"1920\" \/>\n\t<meta property=\"og:image:height\" content=\"1920\" \/>\n\t<meta property=\"og:image:type\" content=\"image\/webp\" \/>\n<meta name=\"twitter:card\" content=\"summary_large_image\" \/>\n<meta name=\"twitter:label1\" content=\"Tempo di lettura stimato\" \/>\n\t<meta name=\"twitter:data1\" content=\"3 minuti\" \/>\n<script type=\"application\/ld+json\" class=\"yoast-schema-graph\">{\"@context\":\"https:\\\/\\\/schema.org\",\"@graph\":[{\"@type\":\"WebPage\",\"@id\":\"https:\\\/\\\/palazzoodescalchicomo.it\\\/it\\\/la-storia\\\/\",\"url\":\"https:\\\/\\\/palazzoodescalchicomo.it\\\/it\\\/la-storia\\\/\",\"name\":\"Scopri la ricca storia di Palazzo Odescalchi a Como\",\"isPartOf\":{\"@id\":\"https:\\\/\\\/palazzoodescalchicomo.it\\\/it\\\/#website\"},\"primaryImageOfPage\":{\"@id\":\"https:\\\/\\\/palazzoodescalchicomo.it\\\/it\\\/la-storia\\\/#primaryimage\"},\"image\":{\"@id\":\"https:\\\/\\\/palazzoodescalchicomo.it\\\/it\\\/la-storia\\\/#primaryimage\"},\"thumbnailUrl\":\"https:\\\/\\\/palazzoodescalchicomo.it\\\/wp-content\\\/uploads\\\/2025\\\/01\\\/palazzo-odescalchi-esterno-4-1024x1024.webp\",\"datePublished\":\"2025-01-20T15:22:00+00:00\",\"dateModified\":\"2025-02-24T13:46:49+00:00\",\"description\":\"Esplora la storia di Palazzo Odescalchi a Como, un palazzo del XVI secolo con affreschi, manufatti storici e un'eredit\u00e0.\",\"breadcrumb\":{\"@id\":\"https:\\\/\\\/palazzoodescalchicomo.it\\\/it\\\/la-storia\\\/#breadcrumb\"},\"inLanguage\":\"it-IT\",\"potentialAction\":[{\"@type\":\"ReadAction\",\"target\":[\"https:\\\/\\\/palazzoodescalchicomo.it\\\/it\\\/la-storia\\\/\"]}]},{\"@type\":\"ImageObject\",\"inLanguage\":\"it-IT\",\"@id\":\"https:\\\/\\\/palazzoodescalchicomo.it\\\/it\\\/la-storia\\\/#primaryimage\",\"url\":\"https:\\\/\\\/palazzoodescalchicomo.it\\\/wp-content\\\/uploads\\\/2025\\\/01\\\/palazzo-odescalchi-esterno-4-1024x1024.webp\",\"contentUrl\":\"https:\\\/\\\/palazzoodescalchicomo.it\\\/wp-content\\\/uploads\\\/2025\\\/01\\\/palazzo-odescalchi-esterno-4-1024x1024.webp\"},{\"@type\":\"BreadcrumbList\",\"@id\":\"https:\\\/\\\/palazzoodescalchicomo.it\\\/it\\\/la-storia\\\/#breadcrumb\",\"itemListElement\":[{\"@type\":\"ListItem\",\"position\":1,\"name\":\"Home\",\"item\":\"https:\\\/\\\/palazzoodescalchicomo.it\\\/it\\\/\"},{\"@type\":\"ListItem\",\"position\":2,\"name\":\"La storia\"}]},{\"@type\":\"WebSite\",\"@id\":\"https:\\\/\\\/palazzoodescalchicomo.it\\\/it\\\/#website\",\"url\":\"https:\\\/\\\/palazzoodescalchicomo.it\\\/it\\\/\",\"name\":\"Palazzo Odescalchi\",\"description\":\"exclusive event location in como center\",\"publisher\":{\"@id\":\"https:\\\/\\\/palazzoodescalchicomo.it\\\/it\\\/#organization\"},\"potentialAction\":[{\"@type\":\"SearchAction\",\"target\":{\"@type\":\"EntryPoint\",\"urlTemplate\":\"https:\\\/\\\/palazzoodescalchicomo.it\\\/it\\\/?s={search_term_string}\"},\"query-input\":{\"@type\":\"PropertyValueSpecification\",\"valueRequired\":true,\"valueName\":\"search_term_string\"}}],\"inLanguage\":\"it-IT\"},{\"@type\":\"Organization\",\"@id\":\"https:\\\/\\\/palazzoodescalchicomo.it\\\/it\\\/#organization\",\"name\":\"Palazzo Odescalchi\",\"url\":\"https:\\\/\\\/palazzoodescalchicomo.it\\\/it\\\/\",\"logo\":{\"@type\":\"ImageObject\",\"inLanguage\":\"it-IT\",\"@id\":\"https:\\\/\\\/palazzoodescalchicomo.it\\\/it\\\/#\\\/schema\\\/logo\\\/image\\\/\",\"url\":\"https:\\\/\\\/palazzoodescalchicomo.it\\\/wp-content\\\/uploads\\\/2025\\\/01\\\/cropped-il-medeghino-favicon.webp\",\"contentUrl\":\"https:\\\/\\\/palazzoodescalchicomo.it\\\/wp-content\\\/uploads\\\/2025\\\/01\\\/cropped-il-medeghino-favicon.webp\",\"width\":512,\"height\":512,\"caption\":\"Palazzo Odescalchi\"},\"image\":{\"@id\":\"https:\\\/\\\/palazzoodescalchicomo.it\\\/it\\\/#\\\/schema\\\/logo\\\/image\\\/\"},\"sameAs\":[\"https:\\\/\\\/www.facebook.com\\\/lakecomoholidaysandtours\",\"https:\\\/\\\/www.instagram.com\\\/ilmedeghino\\\/\",\"https:\\\/\\\/odescalchi.lakecomodmc.it\\\/contact.linkedin.url\"]}]}<\/script>\n<!-- \/ Yoast SEO plugin. -->","yoast_head_json":{"title":"Scopri la ricca storia di Palazzo Odescalchi a Como","description":"Esplora la storia di Palazzo Odescalchi a Como, un palazzo del XVI secolo con affreschi, manufatti storici e un'eredit\u00e0.","robots":{"index":"index","follow":"follow","max-snippet":"max-snippet:-1","max-image-preview":"max-image-preview:large","max-video-preview":"max-video-preview:-1"},"canonical":"https:\/\/palazzoodescalchicomo.it\/it\/la-storia\/","og_locale":"it_IT","og_type":"article","og_title":"Scopri la ricca storia di Palazzo Odescalchi a Como","og_description":"Esplora la storia di Palazzo Odescalchi a Como, un palazzo del XVI secolo con affreschi, manufatti storici e un'eredit\u00e0.","og_url":"https:\/\/palazzoodescalchicomo.it\/it\/la-storia\/","og_site_name":"Palazzo Odescalchi","article_publisher":"https:\/\/www.facebook.com\/lakecomoholidaysandtours","article_modified_time":"2025-02-24T13:46:49+00:00","og_image":[{"width":1920,"height":1920,"url":"https:\/\/palazzoodescalchicomo.it\/wp-content\/uploads\/2025\/01\/palazzo-odescalchi-esterno-4.webp","type":"image\/webp"}],"twitter_card":"summary_large_image","twitter_misc":{"Tempo di lettura stimato":"3 minuti"},"schema":{"@context":"https:\/\/schema.org","@graph":[{"@type":"WebPage","@id":"https:\/\/palazzoodescalchicomo.it\/it\/la-storia\/","url":"https:\/\/palazzoodescalchicomo.it\/it\/la-storia\/","name":"Scopri la ricca storia di Palazzo Odescalchi a Como","isPartOf":{"@id":"https:\/\/palazzoodescalchicomo.it\/it\/#website"},"primaryImageOfPage":{"@id":"https:\/\/palazzoodescalchicomo.it\/it\/la-storia\/#primaryimage"},"image":{"@id":"https:\/\/palazzoodescalchicomo.it\/it\/la-storia\/#primaryimage"},"thumbnailUrl":"https:\/\/palazzoodescalchicomo.it\/wp-content\/uploads\/2025\/01\/palazzo-odescalchi-esterno-4-1024x1024.webp","datePublished":"2025-01-20T15:22:00+00:00","dateModified":"2025-02-24T13:46:49+00:00","description":"Esplora la storia di Palazzo Odescalchi a Como, un palazzo del XVI secolo con affreschi, manufatti storici e un'eredit\u00e0.","breadcrumb":{"@id":"https:\/\/palazzoodescalchicomo.it\/it\/la-storia\/#breadcrumb"},"inLanguage":"it-IT","potentialAction":[{"@type":"ReadAction","target":["https:\/\/palazzoodescalchicomo.it\/it\/la-storia\/"]}]},{"@type":"ImageObject","inLanguage":"it-IT","@id":"https:\/\/palazzoodescalchicomo.it\/it\/la-storia\/#primaryimage","url":"https:\/\/palazzoodescalchicomo.it\/wp-content\/uploads\/2025\/01\/palazzo-odescalchi-esterno-4-1024x1024.webp","contentUrl":"https:\/\/palazzoodescalchicomo.it\/wp-content\/uploads\/2025\/01\/palazzo-odescalchi-esterno-4-1024x1024.webp"},{"@type":"BreadcrumbList","@id":"https:\/\/palazzoodescalchicomo.it\/it\/la-storia\/#breadcrumb","itemListElement":[{"@type":"ListItem","position":1,"name":"Home","item":"https:\/\/palazzoodescalchicomo.it\/it\/"},{"@type":"ListItem","position":2,"name":"La storia"}]},{"@type":"WebSite","@id":"https:\/\/palazzoodescalchicomo.it\/it\/#website","url":"https:\/\/palazzoodescalchicomo.it\/it\/","name":"Palazzo Odescalchi","description":"exclusive event location in como center","publisher":{"@id":"https:\/\/palazzoodescalchicomo.it\/it\/#organization"},"potentialAction":[{"@type":"SearchAction","target":{"@type":"EntryPoint","urlTemplate":"https:\/\/palazzoodescalchicomo.it\/it\/?s={search_term_string}"},"query-input":{"@type":"PropertyValueSpecification","valueRequired":true,"valueName":"search_term_string"}}],"inLanguage":"it-IT"},{"@type":"Organization","@id":"https:\/\/palazzoodescalchicomo.it\/it\/#organization","name":"Palazzo Odescalchi","url":"https:\/\/palazzoodescalchicomo.it\/it\/","logo":{"@type":"ImageObject","inLanguage":"it-IT","@id":"https:\/\/palazzoodescalchicomo.it\/it\/#\/schema\/logo\/image\/","url":"https:\/\/palazzoodescalchicomo.it\/wp-content\/uploads\/2025\/01\/cropped-il-medeghino-favicon.webp","contentUrl":"https:\/\/palazzoodescalchicomo.it\/wp-content\/uploads\/2025\/01\/cropped-il-medeghino-favicon.webp","width":512,"height":512,"caption":"Palazzo Odescalchi"},"image":{"@id":"https:\/\/palazzoodescalchicomo.it\/it\/#\/schema\/logo\/image\/"},"sameAs":["https:\/\/www.facebook.com\/lakecomoholidaysandtours","https:\/\/www.instagram.com\/ilmedeghino\/","https:\/\/odescalchi.lakecomodmc.it\/contact.linkedin.url"]}]}},"_links":{"self":[{"href":"https:\/\/palazzoodescalchicomo.it\/it\/wp-json\/wp\/v2\/pages\/1199","targetHints":{"allow":["GET"]}}],"collection":[{"href":"https:\/\/palazzoodescalchicomo.it\/it\/wp-json\/wp\/v2\/pages"}],"about":[{"href":"https:\/\/palazzoodescalchicomo.it\/it\/wp-json\/wp\/v2\/types\/page"}],"author":[{"embeddable":true,"href":"https:\/\/palazzoodescalchicomo.it\/it\/wp-json\/wp\/v2\/users\/1"}],"replies":[{"embeddable":true,"href":"https:\/\/palazzoodescalchicomo.it\/it\/wp-json\/wp\/v2\/comments?post=1199"}],"version-history":[{"count":1,"href":"https:\/\/palazzoodescalchicomo.it\/it\/wp-json\/wp\/v2\/pages\/1199\/revisions"}],"predecessor-version":[{"id":1210,"href":"https:\/\/palazzoodescalchicomo.it\/it\/wp-json\/wp\/v2\/pages\/1199\/revisions\/1210"}],"wp:attachment":[{"href":"https:\/\/palazzoodescalchicomo.it\/it\/wp-json\/wp\/v2\/media?parent=1199"}],"curies":[{"name":"wp","href":"https:\/\/api.w.org\/{rel}","templated":true}]}}